{"id":34092,"date":"2024-10-22T07:50:16","date_gmt":"2024-10-22T07:50:16","guid":{"rendered":"https:\/\/swiftlifts.com\/projekt\/projekt-villa-meijendel\/"},"modified":"2026-02-20T13:53:02","modified_gmt":"2026-02-20T13:53:02","slug":"projekt-villa-meijendel","status":"publish","type":"page","link":"https:\/\/swiftlifts.com\/sv\/projekt\/projekt-villa-meijendel\/","title":{"rendered":"Projekt &#8211; Villa Meijendel"},"content":{"rendered":"\n\t<section class=\"section why_a_home_lift\" id=\"section_1767751924\">\n\t\t<div class=\"section-bg fill\" >\n\t\t\t<img loading=\"lazy\" decoding=\"async\" width=\"2560\" height=\"633\" src=\"https:\/\/swiftlifts.com\/wp-content\/uploads\/2024\/05\/project_hero_villa_meijendel.jpg\" class=\"bg attachment- size-\" alt=\"project hero villa meijendel\" \/>\t\t\t\t\t\t\n\t\t\t\n\n\t\t<\/div>\n\n\t\t\n\n\t\t<div class=\"section-content relative\">\n\t\t\t\n<div class=\"row\" style=\"max-width:90%\" id=\"row-2129412299\">\n\n\t<div id=\"col-72555715\" class=\"col small-12 large-12\"  >\n\t\t\t\t<div class=\"col-inner text-center\"  >\n\t\t\t\n\t\t\t\n\t<div id=\"text-3594509493\" class=\"text\">\n\t\t\n<h1>Villa Meijendel<\/h1>\n\t\t\n<style>\n#text-3594509493 {\n  font-size: 2rem;\n  color: rgb(255, 255, 255);\n}\n#text-3594509493 > * {\n  color: rgb(255, 255, 255);\n}\n<\/style>\n\t<\/div>\n\t\n\t\t<\/div>\n\t\t\t\t\n<style>\n#col-72555715 > .col-inner {\n  margin: 200px 0px 0px 0px;\n}\n<\/style>\n\t<\/div>\n\n\t\n<\/div>\n\t\t<\/div>\n\n\t\t\n<style>\n#section_1767751924 {\n  padding-top: 30px;\n  padding-bottom: 30px;\n  background-color: #dbe0d1;\n}\n<\/style>\n\t<\/section>\n\t\n\n\t<section class=\"section\" id=\"section_1241411034\">\n\t\t<div class=\"section-bg fill\" >\n\t\t\t\t\t\t\t\t\t\n\t\t\t\n\n\t\t<\/div>\n\n\t\t\n\n\t\t<div class=\"section-content relative\">\n\t\t\t\n<div class=\"row row-full-width align-middle\"  id=\"row-19632093\">\n\n\t<div id=\"col-2046179927\" class=\"col medium-6 small-12 large-6\"  >\n\t\t\t\t<div class=\"col-inner\"  >\n\t\t\t\n\t\t\t\n\t<div class=\"img has-hover x md-x lg-x y md-y lg-y\" id=\"image_1395469933\">\n\t\t\t\t\t\t\t\t<div class=\"img-inner dark\" >\n\t\t\t<img loading=\"lazy\" decoding=\"async\" width=\"600\" height=\"800\" src=\"https:\/\/swiftlifts.com\/wp-content\/uploads\/2024\/05\/project_portrait_villa_meijendel_02-600x800.jpg\" class=\"attachment-large size-large\" alt=\"\" srcset=\"https:\/\/swiftlifts.com\/wp-content\/uploads\/2024\/05\/project_portrait_villa_meijendel_02-600x800.jpg 600w, https:\/\/swiftlifts.com\/wp-content\/uploads\/2024\/05\/project_portrait_villa_meijendel_02-300x400.jpg 300w, https:\/\/swiftlifts.com\/wp-content\/uploads\/2024\/05\/project_portrait_villa_meijendel_02-768x1024.jpg 768w, https:\/\/swiftlifts.com\/wp-content\/uploads\/2024\/05\/project_portrait_villa_meijendel_02-1152x1536.jpg 1152w, https:\/\/swiftlifts.com\/wp-content\/uploads\/2024\/05\/project_portrait_villa_meijendel_02.jpg 1200w\" sizes=\"auto, (max-width: 600px) 100vw, 600px\" \/>\t\t\t\t\t\t\n\t\t\t\t\t<\/div>\n\t\t\t\t\t\t\t\t\n<style>\n#image_1395469933 {\n  width: 100%;\n}\n<\/style>\n\t<\/div>\n\t\n\t\t<\/div>\n\t\t\t\t\n<style>\n#col-2046179927 > .col-inner {\n  padding: 0px 0px 0px 0px;\n}\n@media (min-width:550px) {\n  #col-2046179927 > .col-inner {\n    padding: 0px 0px 0px 30%;\n  }\n}\n<\/style>\n\t<\/div>\n\n\t\n\n\t<div id=\"col-849792943\" class=\"col medium-6 small-12 large-6\"  >\n\t\t\t\t<div class=\"col-inner\"  >\n\t\t\t\n\t\t\t\n\t<div id=\"text-2857139156\" class=\"text\">\n\t\t\n<h2>Villa Meijendel<\/h2>\n\t\t\n<style>\n#text-2857139156 {\n  font-size: 1rem;\n  color: rgb(30, 98, 122);\n}\n#text-2857139156 > * {\n  color: rgb(30, 98, 122);\n}\n<\/style>\n\t<\/div>\n\t\n\t<div id=\"text-263385098\" class=\"text\">\n\t\t\n<p>&#8211; Kliv in i den stils\u00e4kra SWIFT Lite (hemmahissen) hemma hos den holl\u00e4ndska arkitekten Jan Pesman och hans fru Inas helt nybyggda hus. Ett glashus i en gr\u00f6n och frodig del av Wassenaar och ett stenkast fr\u00e5n havet. Entr\u00e9plan har ett arbetsrum, g\u00e4strum och ett stort vardagsrum &#8211; med dubbel takh\u00f6jd &#8211; som har glasfasader med skjutd\u00f6rrar p\u00e5 tre sidor, samt ett \u00f6ppet k\u00f6k, som vetter direkt mot tr\u00e4dg\u00e5rden. \u00d6verv\u00e5ningen inneh\u00e5ller ett arbetsrum p\u00e5 ett loft, ytterligare ett g\u00e4strum och ett sovrum. Familjen Pesman installerade en SWIFT Lite som inte bara passar inredningen utan \u00e4ven g\u00f6r det smidigt f\u00f6r dem att ta sig fr\u00e5n ett v\u00e5ningsplan till ett annat.<\/p>\n<p><b>Modell:<\/b> SWIFT Lite<br \/>\n<b>V\u00e5ningar:<\/b> 3<br \/>\n<b>Hisstorlek:<\/b> L<br \/>\n<b>Hissf\u00e4rg:<\/b> Jet Black<br \/>\n<b>ArtWall:<\/b> Electric Opal<br \/>\n<b>Hissmatta:<\/b> Vinyl Black<br \/>\n<b>Plats:<\/b> Wassenaar f\u00f6rort till Haag, Nederl\u00e4nderna<\/p>\n\t\t\n<style>\n#text-263385098 {\n  font-size: 1rem;\n  color: rgb(131, 175, 175);\n}\n#text-263385098 > * {\n  color: rgb(131, 175, 175);\n}\n<\/style>\n\t<\/div>\n\t\n<div class=\"text-right\"><div class=\"is-divider divider clearfix\" style=\"max-width:100%;background-color:rgb(131, 175, 175);\"><\/div><\/div>\n\t\t<\/div>\n\t\t\t\t\n<style>\n#col-849792943 > .col-inner {\n  padding: 0px 0px 0px 0px;\n}\n@media (min-width:550px) {\n  #col-849792943 > .col-inner {\n    padding: 0px 30% 0px 0px;\n  }\n}\n<\/style>\n\t<\/div>\n\n\t\n<\/div>\n\t\t<\/div>\n\n\t\t\n<style>\n#section_1241411034 {\n  padding-top: 30px;\n  padding-bottom: 30px;\n}\n<\/style>\n\t<\/section>\n\t\n\n\t<section class=\"section\" id=\"section_1692513353\">\n\t\t<div class=\"section-bg fill\" >\n\t\t\t\t\t\t\t\t\t\n\t\t\t\n\n\t\t<\/div>\n\n\t\t\n\n\t\t<div class=\"section-content relative\">\n\t\t\t\n<div class=\"row row-full-width align-middle\"  id=\"row-1709512930\">\n\n\t<div id=\"col-1658101420\" class=\"col medium-6 small-12 large-6\"  >\n\t\t\t\t<div class=\"col-inner\"  >\n\t\t\t\n\t\t\t\n\t<div id=\"text-2999675478\" class=\"text\">\n\t\t\n<p>Som en av grundarna av den internationellt erk\u00e4nda arkitektfirman Cepezed har Jan kunnat applicera sin och f\u00f6retagets filosofi \u2013 n\u00e4r det kommer till kvalitet, innovation, minimalism, cirkul\u00e4ritet och h\u00e5llbarhet \u2013 p\u00e5 sitt privata projekt och hem. Vilket m\u00e4rks i h\u00f6gsta grad. Villan \u00e4r som ett legohus best\u00e5ende av olika legobitar med skillnaden att den \u00e4r i st\u00e5l och glas. Att villan \u00e4r byggd som ett legohus \u2013 det vill s\u00e4ga i form av moduler \u2013 g\u00f6r att huset \u00e4r l\u00e4tt att ta ner, bygga om och \u00e5teranv\u00e4nda \u00e4ven i framtiden.<\/p>\n\t\t\n<style>\n#text-2999675478 {\n  font-size: 1rem;\n  color: rgb(131, 175, 175);\n}\n#text-2999675478 > * {\n  color: rgb(131, 175, 175);\n}\n<\/style>\n\t<\/div>\n\t\n<div class=\"text-right\"><div class=\"is-divider divider clearfix\" style=\"max-width:100%;background-color:rgb(131, 175, 175);\"><\/div><\/div>\n\t\t<\/div>\n\t\t\t\t\n<style>\n#col-1658101420 > .col-inner {\n  padding: 0px 0px 0px 0px;\n}\n@media (min-width:550px) {\n  #col-1658101420 > .col-inner {\n    padding: 0px 0px 0px 30%;\n  }\n}\n<\/style>\n\t<\/div>\n\n\t\n\n\t<div id=\"col-1835423417\" class=\"col medium-6 small-12 large-6\"  >\n\t\t\t\t<div class=\"col-inner\"  >\n\t\t\t\n\t\t\t\n\t<div class=\"img has-hover x md-x lg-x y md-y lg-y\" id=\"image_806531623\">\n\t\t\t\t\t\t\t\t<div class=\"img-inner dark\" >\n\t\t\t<img loading=\"lazy\" decoding=\"async\" width=\"800\" height=\"800\" src=\"https:\/\/swiftlifts.com\/wp-content\/uploads\/2024\/05\/project_interview_jan-800x800.jpg\" class=\"attachment-large size-large\" alt=\"\" srcset=\"https:\/\/swiftlifts.com\/wp-content\/uploads\/2024\/05\/project_interview_jan-800x800.jpg 800w, https:\/\/swiftlifts.com\/wp-content\/uploads\/2024\/05\/project_interview_jan-400x400.jpg 400w, https:\/\/swiftlifts.com\/wp-content\/uploads\/2024\/05\/project_interview_jan-280x280.jpg 280w, https:\/\/swiftlifts.com\/wp-content\/uploads\/2024\/05\/project_interview_jan-768x768.jpg 768w, https:\/\/swiftlifts.com\/wp-content\/uploads\/2024\/05\/project_interview_jan.jpg 1200w\" sizes=\"auto, (max-width: 800px) 100vw, 800px\" \/>\t\t\t\t\t\t\n\t\t\t\t\t<\/div>\n\t\t\t\t\t\t\t\t\n<style>\n#image_806531623 {\n  width: 100%;\n}\n<\/style>\n\t<\/div>\n\t\n\t\t<\/div>\n\t\t\t\t\n<style>\n#col-1835423417 > .col-inner {\n  padding: 0px 0px 0px 0px;\n}\n@media (min-width:550px) {\n  #col-1835423417 > .col-inner {\n    padding: 0px 30% 0px 0px;\n  }\n}\n<\/style>\n\t<\/div>\n\n\t\n<\/div>\n\t\t<\/div>\n\n\t\t\n<style>\n#section_1692513353 {\n  padding-top: 30px;\n  padding-bottom: 30px;\n}\n<\/style>\n\t<\/section>\n\t\n\n\t<section class=\"section\" id=\"section_160853901\">\n\t\t<div class=\"section-bg fill\" >\n\t\t\t\t\t\t\t\t\t\n\t\t\t\n\n\t\t<\/div>\n\n\t\t\n\n\t\t<div class=\"section-content relative\">\n\t\t\t\n<div class=\"row row-full-width\"  id=\"row-760601873\">\n\n\t<div id=\"col-445749193\" class=\"col small-12 large-12\"  >\n\t\t\t\t<div class=\"col-inner\"  >\n\t\t\t\n\t\t\t\n\t<div class=\"img has-hover x md-x lg-x y md-y lg-y\" id=\"image_930307950\">\n\t\t\t\t\t\t\t\t<div class=\"img-inner dark\" >\n\t\t\t<img loading=\"lazy\" decoding=\"async\" width=\"1020\" height=\"538\" src=\"https:\/\/swiftlifts.com\/wp-content\/uploads\/2024\/05\/project_landscape_villa_meijendel_03-1400x738.jpg\" class=\"attachment-large size-large\" alt=\"\" srcset=\"https:\/\/swiftlifts.com\/wp-content\/uploads\/2024\/05\/project_landscape_villa_meijendel_03-1400x738.jpg 1400w, https:\/\/swiftlifts.com\/wp-content\/uploads\/2024\/05\/project_landscape_villa_meijendel_03-759x400.jpg 759w, https:\/\/swiftlifts.com\/wp-content\/uploads\/2024\/05\/project_landscape_villa_meijendel_03-768x405.jpg 768w, https:\/\/swiftlifts.com\/wp-content\/uploads\/2024\/05\/project_landscape_villa_meijendel_03-1536x809.jpg 1536w, https:\/\/swiftlifts.com\/wp-content\/uploads\/2024\/05\/project_landscape_villa_meijendel_03.jpg 2000w\" sizes=\"auto, (max-width: 1020px) 100vw, 1020px\" \/>\t\t\t\t\t\t\n\t\t\t\t\t<\/div>\n\t\t\t\t\t\t\t\t\n<style>\n#image_930307950 {\n  width: 100%;\n}\n<\/style>\n\t<\/div>\n\t\n\t<div id=\"text-1260378977\" class=\"text\">\n\t\t\n<p>Villa Meijendel &#8211; som ett legohus men allt i glas och st\u00e5l.<\/p>\n\t\t\n<style>\n#text-1260378977 {\n  font-size: 1rem;\n  color: rgb(131, 175, 175);\n}\n#text-1260378977 > * {\n  color: rgb(131, 175, 175);\n}\n<\/style>\n\t<\/div>\n\t\n\t\t<\/div>\n\t\t\t\t\n<style>\n#col-445749193 > .col-inner {\n  padding: 0px 0px 0px 0px;\n}\n@media (min-width:550px) {\n  #col-445749193 > .col-inner {\n    padding: 0px 15% 0px 15%;\n  }\n}\n<\/style>\n\t<\/div>\n\n\t\n<\/div>\n\t\t<\/div>\n\n\t\t\n<style>\n#section_160853901 {\n  padding-top: 30px;\n  padding-bottom: 30px;\n}\n<\/style>\n\t<\/section>\n\t\n\n\t<section class=\"section\" id=\"section_31085222\">\n\t\t<div class=\"section-bg fill\" >\n\t\t\t\t\t\t\t\t\t\n\t\t\t\n\n\t\t<\/div>\n\n\t\t\n\n\t\t<div class=\"section-content relative\">\n\t\t\t\n<div class=\"row row-full-width\"  id=\"row-739790065\">\n\n\t<div id=\"col-275015557\" class=\"col medium-6 small-12 large-6\"  >\n\t\t\t\t<div class=\"col-inner\"  >\n\t\t\t\n\t\t\t\n\t<div class=\"img has-hover x md-x lg-x y md-y lg-y\" id=\"image_882585206\">\n\t\t\t\t\t\t\t\t<div class=\"img-inner dark\" >\n\t\t\t<img loading=\"lazy\" decoding=\"async\" width=\"600\" height=\"800\" src=\"https:\/\/swiftlifts.com\/wp-content\/uploads\/2024\/05\/project_portrait_villa_meijendel_03-600x800.jpg\" class=\"attachment-large size-large\" alt=\"\" srcset=\"https:\/\/swiftlifts.com\/wp-content\/uploads\/2024\/05\/project_portrait_villa_meijendel_03-600x800.jpg 600w, https:\/\/swiftlifts.com\/wp-content\/uploads\/2024\/05\/project_portrait_villa_meijendel_03-300x400.jpg 300w, https:\/\/swiftlifts.com\/wp-content\/uploads\/2024\/05\/project_portrait_villa_meijendel_03-768x1024.jpg 768w, https:\/\/swiftlifts.com\/wp-content\/uploads\/2024\/05\/project_portrait_villa_meijendel_03-1152x1536.jpg 1152w, https:\/\/swiftlifts.com\/wp-content\/uploads\/2024\/05\/project_portrait_villa_meijendel_03.jpg 1200w\" sizes=\"auto, (max-width: 600px) 100vw, 600px\" \/>\t\t\t\t\t\t\n\t\t\t\t\t<\/div>\n\t\t\t\t\t\t\t\t\n<style>\n#image_882585206 {\n  width: 100%;\n}\n<\/style>\n\t<\/div>\n\t\n\t<div id=\"text-1079947959\" class=\"text\">\n\t\t\n<p>SWIFT Lite f\u00f6rbinder k\u00f6ket och sociala utrymmen med arbetsrum och sovrum p\u00e5 \u00f6versta v\u00e5ningen och med entr\u00e9n p\u00e5 nedre v\u00e5ningen.<\/p>\n\t\t\n<style>\n#text-1079947959 {\n  font-size: 1rem;\n  color: rgb(131, 175, 175);\n}\n#text-1079947959 > * {\n  color: rgb(131, 175, 175);\n}\n<\/style>\n\t<\/div>\n\t\n\t\t<\/div>\n\t\t\t\t\n<style>\n#col-275015557 > .col-inner {\n  padding: 0px 0px 0px 0px;\n}\n@media (min-width:550px) {\n  #col-275015557 > .col-inner {\n    padding: 0px 0px 0px 30%;\n  }\n}\n<\/style>\n\t<\/div>\n\n\t\n\n\t<div id=\"col-1620634184\" class=\"col medium-6 small-12 large-6\"  >\n\t\t\t\t<div class=\"col-inner\"  >\n\t\t\t\n\t\t\t\n\t<div class=\"img has-hover x md-x lg-x y md-y lg-y\" id=\"image_1445369763\">\n\t\t\t\t\t\t\t\t<div class=\"img-inner dark\" >\n\t\t\t<img loading=\"lazy\" decoding=\"async\" width=\"600\" height=\"800\" src=\"https:\/\/swiftlifts.com\/wp-content\/uploads\/2024\/05\/project_portrait_villa_meijendel_01-600x800.jpg\" class=\"attachment-large size-large\" alt=\"\" srcset=\"https:\/\/swiftlifts.com\/wp-content\/uploads\/2024\/05\/project_portrait_villa_meijendel_01-600x800.jpg 600w, https:\/\/swiftlifts.com\/wp-content\/uploads\/2024\/05\/project_portrait_villa_meijendel_01-300x400.jpg 300w, https:\/\/swiftlifts.com\/wp-content\/uploads\/2024\/05\/project_portrait_villa_meijendel_01-768x1024.jpg 768w, https:\/\/swiftlifts.com\/wp-content\/uploads\/2024\/05\/project_portrait_villa_meijendel_01-1152x1536.jpg 1152w, https:\/\/swiftlifts.com\/wp-content\/uploads\/2024\/05\/project_portrait_villa_meijendel_01.jpg 1200w\" sizes=\"auto, (max-width: 600px) 100vw, 600px\" \/>\t\t\t\t\t\t\n\t\t\t\t\t<\/div>\n\t\t\t\t\t\t\t\t\n<style>\n#image_1445369763 {\n  width: 100%;\n}\n<\/style>\n\t<\/div>\n\t\n\t<div id=\"text-121571493\" class=\"text\">\n\t\t\n<p>F\u00e4rgpaletten \u00e4r neutral med lite svart som SWIFT och minimalismen \u00e4r p\u00e5taglig.<\/p>\n\t\t\n<style>\n#text-121571493 {\n  font-size: 1rem;\n  color: rgb(131, 175, 175);\n}\n#text-121571493 > * {\n  color: rgb(131, 175, 175);\n}\n<\/style>\n\t<\/div>\n\t\n\t\t<\/div>\n\t\t\t\t\n<style>\n#col-1620634184 > .col-inner {\n  padding: 0px 0px 0px 0px;\n}\n@media (min-width:550px) {\n  #col-1620634184 > .col-inner {\n    padding: 0px 30% 0px 0px;\n  }\n}\n<\/style>\n\t<\/div>\n\n\t\n<\/div>\n\t\t<\/div>\n\n\t\t\n<style>\n#section_31085222 {\n  padding-top: 30px;\n  padding-bottom: 30px;\n}\n<\/style>\n\t<\/section>\n\t\n\n\t<section class=\"section\" id=\"section_1813511554\">\n\t\t<div class=\"section-bg fill\" >\n\t\t\t\t\t\t\t\t\t\n\t\t\t\n\n\t\t<\/div>\n\n\t\t\n\n\t\t<div class=\"section-content relative\">\n\t\t\t\n<div class=\"row row-full-width\"  id=\"row-198145022\">\n\n\t<div id=\"col-695289565\" class=\"col medium-6 small-12 large-6\"  >\n\t\t\t\t<div class=\"col-inner\"  >\n\t\t\t\n\t\t\t\n\t<div class=\"img has-hover x md-x lg-x y md-y lg-y\" id=\"image_152073426\">\n\t\t\t\t\t\t\t\t<div class=\"img-inner dark\" >\n\t\t\t<img loading=\"lazy\" decoding=\"async\" width=\"600\" height=\"800\" src=\"https:\/\/swiftlifts.com\/wp-content\/uploads\/2024\/05\/project_portrait_villa_meijendel_05-600x800.jpg\" class=\"attachment-large size-large\" alt=\"\" srcset=\"https:\/\/swiftlifts.com\/wp-content\/uploads\/2024\/05\/project_portrait_villa_meijendel_05-600x800.jpg 600w, https:\/\/swiftlifts.com\/wp-content\/uploads\/2024\/05\/project_portrait_villa_meijendel_05-300x400.jpg 300w, https:\/\/swiftlifts.com\/wp-content\/uploads\/2024\/05\/project_portrait_villa_meijendel_05-768x1024.jpg 768w, https:\/\/swiftlifts.com\/wp-content\/uploads\/2024\/05\/project_portrait_villa_meijendel_05-1152x1536.jpg 1152w, https:\/\/swiftlifts.com\/wp-content\/uploads\/2024\/05\/project_portrait_villa_meijendel_05.jpg 1200w\" sizes=\"auto, (max-width: 600px) 100vw, 600px\" \/>\t\t\t\t\t\t\n\t\t\t\t\t<\/div>\n\t\t\t\t\t\t\t\t\n<style>\n#image_152073426 {\n  width: 100%;\n}\n<\/style>\n\t<\/div>\n\t\n\t<div id=\"text-3175183290\" class=\"text\">\n\t\t\n<p>Genomg\u00e5ende har huset byggts p\u00e5 ett s\u00e5dant s\u00e4tt att inget on\u00f6digt syns vilket skapar en k\u00e4nsla av renhet och luftighet.<\/p>\n\t\t\n<style>\n#text-3175183290 {\n  font-size: 1rem;\n  color: rgb(131, 175, 175);\n}\n#text-3175183290 > * {\n  color: rgb(131, 175, 175);\n}\n<\/style>\n\t<\/div>\n\t\n\t\t<\/div>\n\t\t\t\t\n<style>\n#col-695289565 > .col-inner {\n  padding: 0px 0px 0px 0px;\n}\n@media (min-width:550px) {\n  #col-695289565 > .col-inner {\n    padding: 0px 0px 0px 30%;\n  }\n}\n<\/style>\n\t<\/div>\n\n\t\n\n\t<div id=\"col-303924242\" class=\"col medium-6 small-12 large-6\"  >\n\t\t\t\t<div class=\"col-inner\"  >\n\t\t\t\n\t\t\t\n\t<div class=\"img has-hover x md-x lg-x y md-y lg-y\" id=\"image_2016047175\">\n\t\t\t\t\t\t\t\t<div class=\"img-inner dark\" >\n\t\t\t<img loading=\"lazy\" decoding=\"async\" width=\"600\" height=\"800\" src=\"https:\/\/swiftlifts.com\/wp-content\/uploads\/2024\/05\/project_portrait_villa_meijendel_04-600x800.jpg\" class=\"attachment-large size-large\" alt=\"\" srcset=\"https:\/\/swiftlifts.com\/wp-content\/uploads\/2024\/05\/project_portrait_villa_meijendel_04-600x800.jpg 600w, https:\/\/swiftlifts.com\/wp-content\/uploads\/2024\/05\/project_portrait_villa_meijendel_04-300x400.jpg 300w, https:\/\/swiftlifts.com\/wp-content\/uploads\/2024\/05\/project_portrait_villa_meijendel_04-768x1024.jpg 768w, https:\/\/swiftlifts.com\/wp-content\/uploads\/2024\/05\/project_portrait_villa_meijendel_04-1152x1536.jpg 1152w, https:\/\/swiftlifts.com\/wp-content\/uploads\/2024\/05\/project_portrait_villa_meijendel_04.jpg 1200w\" sizes=\"auto, (max-width: 600px) 100vw, 600px\" \/>\t\t\t\t\t\t\n\t\t\t\t\t<\/div>\n\t\t\t\t\t\t\t\t\n<style>\n#image_2016047175 {\n  width: 100%;\n}\n<\/style>\n\t<\/div>\n\t\n\t<div id=\"text-4162861036\" class=\"text\">\n\t\t\n<p>Osynlig tech. Uttag och ljusknappar har h\u00e5llits till ett minimum \u2013 styrning av ljus, golvv\u00e4rme och persienner sker via fj\u00e4rrkontroll.<\/p>\n\t\t\n<style>\n#text-4162861036 {\n  font-size: 1rem;\n  color: rgb(131, 175, 175);\n}\n#text-4162861036 > * {\n  color: rgb(131, 175, 175);\n}\n<\/style>\n\t<\/div>\n\t\n\t\t<\/div>\n\t\t\t\t\n<style>\n#col-303924242 > .col-inner {\n  padding: 0px 0px 0px 0px;\n}\n@media (min-width:550px) {\n  #col-303924242 > .col-inner {\n    padding: 0px 30% 0px 0px;\n  }\n}\n<\/style>\n\t<\/div>\n\n\t\n<\/div>\n\t\t<\/div>\n\n\t\t\n<style>\n#section_1813511554 {\n  padding-top: 30px;\n  padding-bottom: 30px;\n}\n<\/style>\n\t<\/section>\n\t\n\n\t<section class=\"section\" id=\"section_131424462\">\n\t\t<div class=\"section-bg fill\" >\n\t\t\t\t\t\t\t\t\t\n\t\t\t\n\n\t\t<\/div>\n\n\t\t\n\n\t\t<div class=\"section-content relative\">\n\t\t\t\n<div class=\"row row-full-width\"  id=\"row-921471745\">\n\n\t<div id=\"col-601803286\" class=\"col small-12 large-12\"  >\n\t\t\t\t<div class=\"col-inner\"  >\n\t\t\t\n\t\t\t\n\t<div class=\"img has-hover x md-x lg-x y md-y lg-y\" id=\"image_297473015\">\n\t\t\t\t\t\t\t\t<div class=\"img-inner dark\" >\n\t\t\t<img loading=\"lazy\" decoding=\"async\" width=\"1020\" height=\"538\" src=\"https:\/\/swiftlifts.com\/wp-content\/uploads\/2024\/05\/project_landscape_villa_meijendel_01-1400x738.jpg\" class=\"attachment-large size-large\" alt=\"\" srcset=\"https:\/\/swiftlifts.com\/wp-content\/uploads\/2024\/05\/project_landscape_villa_meijendel_01-1400x738.jpg 1400w, https:\/\/swiftlifts.com\/wp-content\/uploads\/2024\/05\/project_landscape_villa_meijendel_01-759x400.jpg 759w, https:\/\/swiftlifts.com\/wp-content\/uploads\/2024\/05\/project_landscape_villa_meijendel_01-768x405.jpg 768w, https:\/\/swiftlifts.com\/wp-content\/uploads\/2024\/05\/project_landscape_villa_meijendel_01-1536x809.jpg 1536w, https:\/\/swiftlifts.com\/wp-content\/uploads\/2024\/05\/project_landscape_villa_meijendel_01.jpg 2000w\" sizes=\"auto, (max-width: 1020px) 100vw, 1020px\" \/>\t\t\t\t\t\t\n\t\t\t\t\t<\/div>\n\t\t\t\t\t\t\t\t\n<style>\n#image_297473015 {\n  width: 100%;\n}\n<\/style>\n\t<\/div>\n\t\n\t<div id=\"text-2927283919\" class=\"text\">\n\t\t\n<p>Villan fungerar b\u00e5de som familjehem och som hemmakontor f\u00f6r arkitekten Jan.<\/p>\n\t\t\n<style>\n#text-2927283919 {\n  font-size: 1rem;\n  color: rgb(131, 175, 175);\n}\n#text-2927283919 > * {\n  color: rgb(131, 175, 175);\n}\n<\/style>\n\t<\/div>\n\t\n\t\t<\/div>\n\t\t\t\t\n<style>\n#col-601803286 > .col-inner {\n  padding: 0px 0px 0px 0px;\n}\n@media (min-width:550px) {\n  #col-601803286 > .col-inner {\n    padding: 0px 15% 0px 15%;\n  }\n}\n<\/style>\n\t<\/div>\n\n\t\n<\/div>\n\t\t<\/div>\n\n\t\t\n<style>\n#section_131424462 {\n  padding-top: 30px;\n  padding-bottom: 30px;\n}\n<\/style>\n\t<\/section>\n\t\n\n\t<section class=\"section\" id=\"section_1625395600\">\n\t\t<div class=\"section-bg fill\" >\n\t\t\t\t\t\t\t\t\t\n\t\t\t\n\n\t\t<\/div>\n\n\t\t\n\n\t\t<div class=\"section-content relative\">\n\t\t\t\n<div class=\"row row-full-width\"  id=\"row-458897533\">\n\n\t<div id=\"col-558755759\" class=\"col small-12 large-12\"  >\n\t\t\t\t<div class=\"col-inner\"  >\n\t\t\t\n\t\t\t\n\t<div class=\"img has-hover x md-x lg-x y md-y lg-y\" id=\"image_809935308\">\n\t\t\t\t\t\t\t\t<div class=\"img-inner dark\" >\n\t\t\t<img loading=\"lazy\" decoding=\"async\" width=\"1020\" height=\"538\" src=\"https:\/\/swiftlifts.com\/wp-content\/uploads\/2024\/05\/project_landscape_villa_meijendel_04-1400x738.jpg\" class=\"attachment-large size-large\" alt=\"\" srcset=\"https:\/\/swiftlifts.com\/wp-content\/uploads\/2024\/05\/project_landscape_villa_meijendel_04-1400x738.jpg 1400w, https:\/\/swiftlifts.com\/wp-content\/uploads\/2024\/05\/project_landscape_villa_meijendel_04-759x400.jpg 759w, https:\/\/swiftlifts.com\/wp-content\/uploads\/2024\/05\/project_landscape_villa_meijendel_04-768x405.jpg 768w, https:\/\/swiftlifts.com\/wp-content\/uploads\/2024\/05\/project_landscape_villa_meijendel_04-1536x809.jpg 1536w, https:\/\/swiftlifts.com\/wp-content\/uploads\/2024\/05\/project_landscape_villa_meijendel_04.jpg 2000w\" sizes=\"auto, (max-width: 1020px) 100vw, 1020px\" \/>\t\t\t\t\t\t\n\t\t\t\t\t<\/div>\n\t\t\t\t\t\t\t\t\n<style>\n#image_809935308 {\n  width: 100%;\n}\n<\/style>\n\t<\/div>\n\t\n\t<div id=\"text-2266309491\" class=\"text\">\n\t\t\n<p>Vardagsrummet har glasfasader med skjutd\u00f6rrar p\u00e5 tre sidor, den fj\u00e4rde sidan \u00e4r k\u00f6kets bakv\u00e4gg. N\u00e4r skjutd\u00f6rrarna \u00e4r \u00f6ppna \u00e4r du mer eller mindre inne och ute h\u00e4r samtidigt.<\/p>\n\t\t\n<style>\n#text-2266309491 {\n  font-size: 1rem;\n  color: rgb(131, 175, 175);\n}\n#text-2266309491 > * {\n  color: rgb(131, 175, 175);\n}\n<\/style>\n\t<\/div>\n\t\n\t\t<\/div>\n\t\t\t\t\n<style>\n#col-558755759 > .col-inner {\n  padding: 0px 0px 0px 0px;\n}\n@media (min-width:550px) {\n  #col-558755759 > .col-inner {\n    padding: 0px 15% 0px 15%;\n  }\n}\n<\/style>\n\t<\/div>\n\n\t\n\n\t<div id=\"col-778781360\" class=\"col medium-6 small-12 large-6\"  >\n\t\t\t\t<div class=\"col-inner text-center\"  >\n\t\t\t\n\t\t\t\n<a href=\"https:\/\/swiftlifts.com\/en\/projects\/\" class=\"button alert lowercase\" >\n\t\t<span>Klicka h\u00e4r f\u00f6r att se fler projekt<\/span>\n\t<\/a>\n\n\t\t<\/div>\n\t\t\t\t\n<style>\n#col-778781360 > .col-inner {\n  padding: 0px 0px 0px 0px;\n}\n@media (min-width:550px) {\n  #col-778781360 > .col-inner {\n    padding: 0px 0px 0px 30%;\n  }\n}\n<\/style>\n\t<\/div>\n\n\t\n\n\t<div id=\"col-901600564\" class=\"col medium-6 small-12 large-6\"  >\n\t\t\t\t<div class=\"col-inner text-center\"  >\n\t\t\t\n\t\t\t\n<a href=\"https:\/\/swiftlifts.com\/en\/products\/swift-lite-a-small-house-lift\/\" class=\"button success lowercase\" >\n\t\t<span>SWIFT Lite produktsida<\/span>\n\t<\/a>\n\n\t\t<\/div>\n\t\t\t\t\n<style>\n#col-901600564 > .col-inner {\n  padding: 0px 0px 0px 0px;\n}\n@media (min-width:550px) {\n  #col-901600564 > .col-inner {\n    padding: 0px 30% 0px 0%;\n  }\n}\n<\/style>\n\t<\/div>\n\n\t\n<\/div>\n\t\t<\/div>\n\n\t\t\n<style>\n#section_1625395600 {\n  padding-top: 30px;\n  padding-bottom: 30px;\n}\n<\/style>\n\t<\/section>\n\t\n","protected":false},"excerpt":{"rendered":"","protected":false},"author":9,"featured_media":0,"parent":16058,"menu_order":0,"comment_status":"closed","ping_status":"closed","template":"page-transparent-header.php","meta":{"_acf_changed":false,"content-type":"","footnotes":""},"class_list":["post-34092","page","type-page","status-publish","hentry"],"acf":[],"yoast_head":"<!-- This site is optimized with the Yoast SEO Premium plugin v27.3 (Yoast SEO v27.5) - https:\/\/yoast.com\/product\/yoast-seo-premium-wordpress\/ -->\n<title>Villahiss Projekt \u2013 Installation Villa Meijendel<\/title>\n<meta name=\"description\" content=\"Villa Meijendel: stilren glas- och st\u00e5lvilla i Wassenaar med \u00f6ppna ljusa rum, panoramavyer mot tr\u00e4dg\u00e5rd och kust samt minimalistisk modern design.\" \/>\n<meta name=\"robots\" content=\"index, follow, max-snippet:-1, max-image-preview:large, max-video-preview:-1\" \/>\n<link rel=\"canonical\" href=\"https:\/\/swiftlifts.com\/sv\/projekt\/projekt-villa-meijendel\/\" \/>\n<meta property=\"og:locale\" content=\"sv_SE\" \/>\n<meta property=\"og:type\" content=\"article\" \/>\n<meta property=\"og:title\" content=\"Projekt - Villa Meijendel\" \/>\n<meta property=\"og:description\" content=\"Villa Meijendel: stilren glas- och st\u00e5lvilla i Wassenaar med \u00f6ppna ljusa rum, panoramavyer mot tr\u00e4dg\u00e5rd och kust samt minimalistisk modern design.\" \/>\n<meta property=\"og:url\" content=\"https:\/\/swiftlifts.com\/sv\/projekt\/projekt-villa-meijendel\/\" \/>\n<meta property=\"og:site_name\" content=\"SWIFT - 100% battery driven home lifts\" \/>\n<meta property=\"article:publisher\" content=\"https:\/\/www.facebook.com\/swifthomelifts\" \/>\n<meta property=\"article:modified_time\" content=\"2026-02-20T13:53:02+00:00\" \/>\n<meta name=\"twitter:card\" content=\"summary_large_image\" \/>\n<meta name=\"twitter:label1\" content=\"Ber\u00e4knad l\u00e4stid\" \/>\n\t<meta name=\"twitter:data1\" content=\"4 minuter\" \/>\n<script type=\"application\/ld+json\" class=\"yoast-schema-graph\">{\"@context\":\"https:\\\/\\\/schema.org\",\"@graph\":[{\"@type\":\"WebPage\",\"@id\":\"https:\\\/\\\/swiftlifts.com\\\/sv\\\/projekt\\\/projekt-villa-meijendel\\\/\",\"url\":\"https:\\\/\\\/swiftlifts.com\\\/sv\\\/projekt\\\/projekt-villa-meijendel\\\/\",\"name\":\"Villahiss Projekt \u2013 Installation Villa Meijendel\",\"isPartOf\":{\"@id\":\"https:\\\/\\\/swiftlifts.com\\\/sv\\\/#website\"},\"datePublished\":\"2024-10-22T07:50:16+00:00\",\"dateModified\":\"2026-02-20T13:53:02+00:00\",\"description\":\"Villa Meijendel: stilren glas- och st\u00e5lvilla i Wassenaar med \u00f6ppna ljusa rum, panoramavyer mot tr\u00e4dg\u00e5rd och kust samt minimalistisk modern design.\",\"breadcrumb\":{\"@id\":\"https:\\\/\\\/swiftlifts.com\\\/sv\\\/projekt\\\/projekt-villa-meijendel\\\/#breadcrumb\"},\"inLanguage\":\"sv-SE\",\"potentialAction\":[{\"@type\":\"ReadAction\",\"target\":[\"https:\\\/\\\/swiftlifts.com\\\/sv\\\/projekt\\\/projekt-villa-meijendel\\\/\"]}]},{\"@type\":\"BreadcrumbList\",\"@id\":\"https:\\\/\\\/swiftlifts.com\\\/sv\\\/projekt\\\/projekt-villa-meijendel\\\/#breadcrumb\",\"itemListElement\":[{\"@type\":\"ListItem\",\"position\":1,\"name\":\"Home\",\"item\":\"https:\\\/\\\/swiftlifts.com\\\/sv\\\/\"},{\"@type\":\"ListItem\",\"position\":2,\"name\":\"Projekt\",\"item\":\"https:\\\/\\\/swiftlifts.com\\\/sv\\\/projekt\\\/\"},{\"@type\":\"ListItem\",\"position\":3,\"name\":\"Projekt &#8211; Villa Meijendel\"}]},{\"@type\":\"WebSite\",\"@id\":\"https:\\\/\\\/swiftlifts.com\\\/sv\\\/#website\",\"url\":\"https:\\\/\\\/swiftlifts.com\\\/sv\\\/\",\"name\":\"SWIFT - 100% battery driven home lifts\",\"description\":\"NEW WAYS TO MOVE\",\"publisher\":{\"@id\":\"https:\\\/\\\/swiftlifts.com\\\/sv\\\/#organization\"},\"potentialAction\":[{\"@type\":\"SearchAction\",\"target\":{\"@type\":\"EntryPoint\",\"urlTemplate\":\"https:\\\/\\\/swiftlifts.com\\\/sv\\\/?s={search_term_string}\"},\"query-input\":{\"@type\":\"PropertyValueSpecification\",\"valueRequired\":true,\"valueName\":\"search_term_string\"}}],\"inLanguage\":\"sv-SE\"},{\"@type\":\"Organization\",\"@id\":\"https:\\\/\\\/swiftlifts.com\\\/sv\\\/#organization\",\"name\":\"SWIFT Home Lifts\",\"url\":\"https:\\\/\\\/swiftlifts.com\\\/sv\\\/\",\"logo\":{\"@type\":\"ImageObject\",\"inLanguage\":\"sv-SE\",\"@id\":\"https:\\\/\\\/swiftlifts.com\\\/sv\\\/#\\\/schema\\\/logo\\\/image\\\/\",\"url\":\"https:\\\/\\\/swiftlifts.com\\\/wp-content\\\/uploads\\\/2025\\\/03\\\/cropped-SWIFT-Logo-Google.jpg\",\"contentUrl\":\"https:\\\/\\\/swiftlifts.com\\\/wp-content\\\/uploads\\\/2025\\\/03\\\/cropped-SWIFT-Logo-Google.jpg\",\"width\":512,\"height\":512,\"caption\":\"SWIFT Home Lifts\"},\"image\":{\"@id\":\"https:\\\/\\\/swiftlifts.com\\\/sv\\\/#\\\/schema\\\/logo\\\/image\\\/\"},\"sameAs\":[\"https:\\\/\\\/www.facebook.com\\\/swifthomelifts\",\"https:\\\/\\\/www.instagram.com\\\/swifthomelifts\\\/\",\"https:\\\/\\\/www.linkedin.com\\\/company\\\/swifthomelifts\\\/\",\"https:\\\/\\\/www.pinterest.se\\\/swifthomelifts\\\/\",\"https:\\\/\\\/www.youtube.com\\\/@swift5669\"]}]}<\/script>\n<!-- \/ Yoast SEO Premium plugin. -->","yoast_head_json":{"title":"Villahiss Projekt \u2013 Installation Villa Meijendel","description":"Villa Meijendel: stilren glas- och st\u00e5lvilla i Wassenaar med \u00f6ppna ljusa rum, panoramavyer mot tr\u00e4dg\u00e5rd och kust samt minimalistisk modern design.","robots":{"index":"index","follow":"follow","max-snippet":"max-snippet:-1","max-image-preview":"max-image-preview:large","max-video-preview":"max-video-preview:-1"},"canonical":"https:\/\/swiftlifts.com\/sv\/projekt\/projekt-villa-meijendel\/","og_locale":"sv_SE","og_type":"article","og_title":"Projekt - Villa Meijendel","og_description":"Villa Meijendel: stilren glas- och st\u00e5lvilla i Wassenaar med \u00f6ppna ljusa rum, panoramavyer mot tr\u00e4dg\u00e5rd och kust samt minimalistisk modern design.","og_url":"https:\/\/swiftlifts.com\/sv\/projekt\/projekt-villa-meijendel\/","og_site_name":"SWIFT - 100% battery driven home lifts","article_publisher":"https:\/\/www.facebook.com\/swifthomelifts","article_modified_time":"2026-02-20T13:53:02+00:00","twitter_card":"summary_large_image","twitter_misc":{"Ber\u00e4knad l\u00e4stid":"4 minuter"},"schema":{"@context":"https:\/\/schema.org","@graph":[{"@type":"WebPage","@id":"https:\/\/swiftlifts.com\/sv\/projekt\/projekt-villa-meijendel\/","url":"https:\/\/swiftlifts.com\/sv\/projekt\/projekt-villa-meijendel\/","name":"Villahiss Projekt \u2013 Installation Villa Meijendel","isPartOf":{"@id":"https:\/\/swiftlifts.com\/sv\/#website"},"datePublished":"2024-10-22T07:50:16+00:00","dateModified":"2026-02-20T13:53:02+00:00","description":"Villa Meijendel: stilren glas- och st\u00e5lvilla i Wassenaar med \u00f6ppna ljusa rum, panoramavyer mot tr\u00e4dg\u00e5rd och kust samt minimalistisk modern design.","breadcrumb":{"@id":"https:\/\/swiftlifts.com\/sv\/projekt\/projekt-villa-meijendel\/#breadcrumb"},"inLanguage":"sv-SE","potentialAction":[{"@type":"ReadAction","target":["https:\/\/swiftlifts.com\/sv\/projekt\/projekt-villa-meijendel\/"]}]},{"@type":"BreadcrumbList","@id":"https:\/\/swiftlifts.com\/sv\/projekt\/projekt-villa-meijendel\/#breadcrumb","itemListElement":[{"@type":"ListItem","position":1,"name":"Home","item":"https:\/\/swiftlifts.com\/sv\/"},{"@type":"ListItem","position":2,"name":"Projekt","item":"https:\/\/swiftlifts.com\/sv\/projekt\/"},{"@type":"ListItem","position":3,"name":"Projekt &#8211; Villa Meijendel"}]},{"@type":"WebSite","@id":"https:\/\/swiftlifts.com\/sv\/#website","url":"https:\/\/swiftlifts.com\/sv\/","name":"SWIFT - 100% battery driven home lifts","description":"NEW WAYS TO MOVE","publisher":{"@id":"https:\/\/swiftlifts.com\/sv\/#organization"},"potentialAction":[{"@type":"SearchAction","target":{"@type":"EntryPoint","urlTemplate":"https:\/\/swiftlifts.com\/sv\/?s={search_term_string}"},"query-input":{"@type":"PropertyValueSpecification","valueRequired":true,"valueName":"search_term_string"}}],"inLanguage":"sv-SE"},{"@type":"Organization","@id":"https:\/\/swiftlifts.com\/sv\/#organization","name":"SWIFT Home Lifts","url":"https:\/\/swiftlifts.com\/sv\/","logo":{"@type":"ImageObject","inLanguage":"sv-SE","@id":"https:\/\/swiftlifts.com\/sv\/#\/schema\/logo\/image\/","url":"https:\/\/swiftlifts.com\/wp-content\/uploads\/2025\/03\/cropped-SWIFT-Logo-Google.jpg","contentUrl":"https:\/\/swiftlifts.com\/wp-content\/uploads\/2025\/03\/cropped-SWIFT-Logo-Google.jpg","width":512,"height":512,"caption":"SWIFT Home Lifts"},"image":{"@id":"https:\/\/swiftlifts.com\/sv\/#\/schema\/logo\/image\/"},"sameAs":["https:\/\/www.facebook.com\/swifthomelifts","https:\/\/www.instagram.com\/swifthomelifts\/","https:\/\/www.linkedin.com\/company\/swifthomelifts\/","https:\/\/www.pinterest.se\/swifthomelifts\/","https:\/\/www.youtube.com\/@swift5669"]}]}},"_links":{"self":[{"href":"https:\/\/swiftlifts.com\/sv\/wp-json\/wp\/v2\/pages\/34092","targetHints":{"allow":["GET"]}}],"collection":[{"href":"https:\/\/swiftlifts.com\/sv\/wp-json\/wp\/v2\/pages"}],"about":[{"href":"https:\/\/swiftlifts.com\/sv\/wp-json\/wp\/v2\/types\/page"}],"author":[{"embeddable":true,"href":"https:\/\/swiftlifts.com\/sv\/wp-json\/wp\/v2\/users\/9"}],"replies":[{"embeddable":true,"href":"https:\/\/swiftlifts.com\/sv\/wp-json\/wp\/v2\/comments?post=34092"}],"version-history":[{"count":3,"href":"https:\/\/swiftlifts.com\/sv\/wp-json\/wp\/v2\/pages\/34092\/revisions"}],"predecessor-version":[{"id":56538,"href":"https:\/\/swiftlifts.com\/sv\/wp-json\/wp\/v2\/pages\/34092\/revisions\/56538"}],"up":[{"embeddable":true,"href":"https:\/\/swiftlifts.com\/sv\/wp-json\/wp\/v2\/pages\/16058"}],"wp:attachment":[{"href":"https:\/\/swiftlifts.com\/sv\/wp-json\/wp\/v2\/media?parent=34092"}],"curies":[{"name":"wp","href":"https:\/\/api.w.org\/{rel}","templated":true}]}}